{"id":78,"date":"2016-05-27T16:24:49","date_gmt":"2016-05-27T16:24:49","guid":{"rendered":"http:\/\/heidemarie-albers.de\/?page_id=78"},"modified":"2024-03-22T14:19:18","modified_gmt":"2024-03-22T14:19:18","slug":"ueber-mich","status":"publish","type":"page","link":"https:\/\/heidemarie-albers.de\/?page_id=78","title":{"rendered":"\u00dcber mich &#8230;"},"content":{"rendered":"\n<h1 class=\"wp-block-heading\">Auf zu neuen Ufern, <br>     nichts bleibt wie es war &#8230;<\/h1>\n\n\n\n<div style=\"height:44px\" aria-hidden=\"true\" class=\"wp-block-spacer\"><\/div>\n\n\n\n<div class=\"wp-block-media-text is-stacked-on-mobile is-vertically-aligned-top\" style=\"grid-template-columns:29% auto\"><figure class=\"wp-block-media-text__media\"><img loading=\"lazy\" decoding=\"async\" width=\"1024\" height=\"1024\" src=\"http:\/\/heidemarie-albers.de\/wp-content\/uploads\/2023\/10\/2021-Heidemarie-Albers-in-Aktion-_-Titel-2023-1024x1024.jpg\" alt=\"\" class=\"wp-image-2304 size-full\" srcset=\"https:\/\/heidemarie-albers.de\/wp-content\/uploads\/2023\/10\/2021-Heidemarie-Albers-in-Aktion-_-Titel-2023-1024x1024.jpg 1024w, https:\/\/heidemarie-albers.de\/wp-content\/uploads\/2023\/10\/2021-Heidemarie-Albers-in-Aktion-_-Titel-2023-350x350.jpg 350w, https:\/\/heidemarie-albers.de\/wp-content\/uploads\/2023\/10\/2021-Heidemarie-Albers-in-Aktion-_-Titel-2023-155x155.jpg 155w, https:\/\/heidemarie-albers.de\/wp-content\/uploads\/2023\/10\/2021-Heidemarie-Albers-in-Aktion-_-Titel-2023-768x768.jpg 768w, https:\/\/heidemarie-albers.de\/wp-content\/uploads\/2023\/10\/2021-Heidemarie-Albers-in-Aktion-_-Titel-2023-1536x1536.jpg 1536w, https:\/\/heidemarie-albers.de\/wp-content\/uploads\/2023\/10\/2021-Heidemarie-Albers-in-Aktion-_-Titel-2023.jpg 1968w\" sizes=\"auto, (max-width: 1024px) 100vw, 1024px\" \/><\/figure><div class=\"wp-block-media-text__content\">\n<p class=\"has-text-align-left has-medium-font-size\" style=\"font-style:normal;font-weight:300\">Der Ursprung meiner Malerei, meiner Faszination von <br><mark style=\"background-color:rgba(0, 0, 0, 0);color:#8a2323\" class=\"has-inline-color\">Farben \u2013 Kl\u00e4ngen \u2013 Formen \u2013 Bewegungen \u2013 Wortgebilden<\/mark>, <br>mein ganzes SEIN liegt in der Vielfalt und Sch\u00f6nheit der Natur.<\/p>\n\n\n\n<p class=\"has-medium-font-size\" style=\"font-style:normal;font-weight:300\">Alles ist Inspiration, war Motor den endlosen Weg als Autodidakt kontinuierlich und diszipliniert seit 1970 zu gehen. In meiner k\u00fcnstlerischen ENTWICKLUNG pr\u00e4gten mich viele Jahre ma\u00dfgeblich<\/p>\n\n\n\n<p class=\"has-medium-font-size\" style=\"font-style:normal;font-weight:300\"><strong>Paul Wessler:<\/strong><br>Lust auf Farbe<\/p>\n\n\n\n<p class=\"has-medium-font-size\" style=\"font-style:normal;font-weight:300\"><strong>Ursula Darius:<\/strong><br>Poesie und Malerei an der Kunstschule Lingen. <\/p>\n\n\n\n<p><\/p>\n\n\n\n<p><\/p>\n\n\n\n<p class=\"has-medium-font-size\"><\/p>\n<\/div><\/div>\n\n\n\n<p class=\"has-text-align-left has-medium-font-size\" style=\"font-style:normal;font-weight:300\">2001 &#8211; Seminare bei <strong>Oskar Koller<\/strong> und <strong>Sabine Schrekeneder <\/strong>in der Kunstakademie Bad Reichenhall, gaben mir Impulse, mit meiner Malerei neue Wege zu beschreiten. Meine Arbeiten wurden abstarkter, expressiver und farbkr\u00e4ftiger, wobei die Anlehnung an die Natur oder Emotion unverkennbar blieb.<\/p>\n\n\n\n<p><\/p>\n\n\n\n<p><\/p>\n\n\n\n<p class=\"has-medium-font-size\"><\/p>\n\n\n\n<p class=\"has-text-align-left has-medium-font-size\" style=\"font-style:normal;font-weight:300\"><br>In 2 Seminaren bei <strong>Heidi Reil,<\/strong> Kunsfabrik Hannover, erlernte ich die Technik des Aquarellierens auf Leinwand, was meiner Malerei wiederum neue technische M\u00f6glichkeiten er\u00f6ffnete. <\/p>\n\n\n\n<p class=\"has-text-align-left has-medium-font-size\" style=\"font-style:normal;font-weight:300\">Ein Seminar bei der Schriftk\u00fcnstlerin <strong>Sigrid Artmann<\/strong> setzte einen Kontrapunkt in meiner k\u00fcnstlerischen Entfaltung und gab einen Ansto\u00df, Schrift mit Malerei zu verbinden.<br><br>2016 &#8222;Spazierg\u00e4nge durch die Jahreszeiten&#8220;, St. Bonifatius Hospital Lingen<br>2019 &#8222;Farbtr\u00e4ume &#8211; Inspiration durch Musik und Poesie&#8220;, Emsb\u00fcrener Musiktage<br>2021 &#8222;ALLES KANN SEIN.&#8220;, Ludwig-Windthorst-Haus, Lingen<br>2022 &#8222;Sozusagen grundlos vergn\u00fcgt.&#8220;, Woche der Br\u00fcderlichkeit, Ludwig-Windthorst-Haus, Lingen<br><br>Diese letzten gro\u00dfen Ausstellungen haben mir das Gef\u00fchl:<br><br>Ich bin angekommen &#8230; alles kann sein &#8230; alles flie\u00dft.<br><br><\/p>\n\n\n\n<p class=\"has-primary-color has-text-color has-x-large-font-size\"> <\/p>\n\n\n\n<div style=\"height:40px\" aria-hidden=\"true\" class=\"wp-block-spacer\"><\/div>\n","protected":false},"excerpt":{"rendered":"<p>Auf zu neuen Ufern, nichts bleibt wie es war &#8230; Der Ursprung meiner Malerei, meiner Faszination von Farben \u2013 Kl\u00e4ngen \u2013 Formen \u2013 Bewegungen \u2013 Wortgebilden, mein ganzes SEIN liegt in der Vielfalt und Sch\u00f6nheit der Natur. Alles ist Inspiration, war Motor den endlosen Weg als Autodidakt kontinuierlich und diszipliniert seit 1970 zu gehen. In [&hellip;]<\/p>\n","protected":false},"author":1,"featured_media":1205,"parent":0,"menu_order":0,"comment_status":"closed","ping_status":"closed","template":"","meta":{"footnotes":""},"class_list":["post-78","page","type-page","status-publish","has-post-thumbnail","hentry"],"_links":{"self":[{"href":"https:\/\/heidemarie-albers.de\/index.php?rest_route=\/wp\/v2\/pages\/78","targetHints":{"allow":["GET"]}}],"collection":[{"href":"https:\/\/heidemarie-albers.de\/index.php?rest_route=\/wp\/v2\/pages"}],"about":[{"href":"https:\/\/heidemarie-albers.de\/index.php?rest_route=\/wp\/v2\/types\/page"}],"author":[{"embeddable":true,"href":"https:\/\/heidemarie-albers.de\/index.php?rest_route=\/wp\/v2\/users\/1"}],"replies":[{"embeddable":true,"href":"https:\/\/heidemarie-albers.de\/index.php?rest_route=%2Fwp%2Fv2%2Fcomments&post=78"}],"version-history":[{"count":74,"href":"https:\/\/heidemarie-albers.de\/index.php?rest_route=\/wp\/v2\/pages\/78\/revisions"}],"predecessor-version":[{"id":2593,"href":"https:\/\/heidemarie-albers.de\/index.php?rest_route=\/wp\/v2\/pages\/78\/revisions\/2593"}],"wp:featuredmedia":[{"embeddable":true,"href":"https:\/\/heidemarie-albers.de\/index.php?rest_route=\/wp\/v2\/media\/1205"}],"wp:attachment":[{"href":"https:\/\/heidemarie-albers.de\/index.php?rest_route=%2Fwp%2Fv2%2Fmedia&parent=78"}],"curies":[{"name":"wp","href":"https:\/\/api.w.org\/{rel}","templated":true}]}}